{"id":1737,"date":"2026-09-03T10:05:13","date_gmt":"2026-09-03T07:05:13","guid":{"rendered":"https:\/\/www.winner.ro\/blog\/"},"modified":"2026-09-03T10:05:13","modified_gmt":"2026-09-03T07:05:13","slug":"zinedine-zidane-prima-actiune-selectioner-franta","status":"publish","type":"stire","link":"https:\/\/www.winner.ro\/blog\/zinedine-zidane-prima-actiune-selectioner-franta\/","title":{"rendered":"Zinedine Zidane, la prima ac\u021biune ca selec\u021bioner al Fran\u021bei"},"content":{"rendered":"<p>Zinedine Zidane, noul selec\u021bioner al Fran\u021bei, va anun\u021ba pe 18 septembrie prima sa list\u0103 de juc\u0103tori convoca\u021bi, \u00eenaintea debutului \u00een Liga Na\u021biunilor, a confirmat Federa\u021bia Francez\u0103 de Fotbal (FFF).<\/p>\n<p>Lista va fi prezentat\u0103 \u00een cadrul unei conferin\u021be de pres\u0103 organizate la sediul FFF din Paris. &#8220;Prima list\u0103 de juc\u0103tori re\u021binu\u021bi de noul selec\u021bioner va fi dat\u0103 publicit\u0103\u021bii sub forma unei conferin\u021be de pres\u0103&#8221;, a transmis FFF.<\/p>\n<p>Fran\u021ba va debuta \u00een noua edi\u021bie a Ligii Na\u021biunilor pe 25 septembrie, \u00een deplasare, \u00eempotriva Turciei. Trei zile mai t\u00e2rziu, echipa lui Zidane va \u00eent\u00e2lni Belgia, tot \u00een deplasare.<\/p>\n<p>Pe 2 octombrie, &#8220;Les Bleus&#8221; vor reveni pe teren propriu pentru confruntarea cu Italia, urm\u00e2nd ca pe 5 octombrie s\u0103 dispute, acas\u0103, returul cu Belgia.<\/p>\n<p>Federa\u021bia Francez\u0103 de Fotbal a precizat, de asemenea, c\u0103 noul staff tehnic al lui Zidane va fi prezentat \u00een formula sa complet\u0103 pe 15 septembrie.<\/p>\n<p>Fabien Barthez, portarul Fran\u021bei \u00een campania care a adus titlul mondial din 1998, a fost numit antrenor al portarilor. Zidane \u00eei va avea al\u0103turi \u0219i pe David Bettoni \u0219i Hamidou Msaidie, fo\u0219tii s\u0103i secunzi din perioada petrecut\u0103 la Real Madrid.<\/p>\n<p>\u00cen v\u00e2rst\u0103 de 54 de ani, Zinedine Zidane a fost numit selec\u021bioner al Fran\u021bei \u00een locul lui Didier Deschamps, care a ocupat aceast\u0103 func\u021bie timp de 14 ani. Zidane a r\u0103mas \u00een istoria na\u021bionalei franceze dup\u0103 ce a marcat dou\u0103 goluri \u00een finala Cupei Mondiale din 1998, c\u00e2\u0219tigat\u0103 de Fran\u021ba.<\/p>\n<p>Ca antrenor, Zidane a preg\u0103tit p\u00e2n\u0103 acum o singur\u0103 echip\u0103, Real Madrid. Al\u0103turi de forma\u021bia spaniol\u0103, el a reu\u0219it o performan\u021b\u0103 unic\u0103 \u00een istoria Ligii Campionilor, c\u00e2\u0219tig\u00e2nd trofeul de trei ori consecutiv, \u00een 2016, 2017 \u0219i 2018.<\/p>\n","protected":false},"featured_media":1738,"template":"","meta":{"_acf_changed":false,"iawp_total_views":0},"class_list":["post-1737","stire","type-stire","status-publish","has-post-thumbnail","hentry"],"acf":[],"yoast_head":"<!-- This site is optimized with the Yoast SEO plugin v28.4 - https:\/\/yoast.com\/product\/yoast-seo-wordpress\/ -->\n<title>Zidane, la prima ac\u021biune ca selec\u021bioner al Fran\u021bei<\/title>\n<meta name=\"description\" content=\"Zinedine Zidane va anun\u021ba pe 18 septembrie prima list\u0103 de juc\u0103tori convoca\u021bi la na\u021bionala Fran\u021bei, \u00eenaintea debutului \u00een Liga Na\u021biunilor.\" \/>\n<meta name=\"robots\" content=\"index, follow, max-snippet:-1, max-image-preview:large, max-video-preview:-1\" \/>\n<link rel=\"canonical\" href=\"https:\/\/www.winner.ro\/blog\/zinedine-zidane-prima-actiune-selectioner-franta\/\" \/>\n<meta property=\"og:locale\" content=\"en_US\" \/>\n<meta property=\"og:type\" content=\"article\" \/>\n<meta property=\"og:title\" content=\"Zidane, la prima ac\u021biune ca selec\u021bioner al Fran\u021bei\" \/>\n<meta property=\"og:description\" content=\"Zinedine Zidane va anun\u021ba pe 18 septembrie prima list\u0103 de juc\u0103tori convoca\u021bi la na\u021bionala Fran\u021bei, \u00eenaintea debutului \u00een Liga Na\u021biunilor.\" \/>\n<meta property=\"og:url\" content=\"https:\/\/www.winner.ro\/blog\/zinedine-zidane-prima-actiune-selectioner-franta\/\" \/>\n<meta property=\"og:site_name\" content=\"Blog Winner\" \/>\n<meta property=\"og:image\" content=\"https:\/\/www.winner.ro\/blog\/wp-content\/uploads\/2026\/09\/zinedine-zidane-prima-actiune-selectioner-franta.webp\" \/>\n\t<meta property=\"og:image:width\" content=\"1140\" \/>\n\t<meta property=\"og:image:height\" content=\"380\" \/>\n\t<meta property=\"og:image:type\" content=\"image\/webp\" \/>\n<meta name=\"twitter:card\" content=\"summary_large_image\" \/>\n<meta name=\"twitter:label1\" content=\"Est. reading time\" \/>\n\t<meta name=\"twitter:data1\" content=\"2 minutes\" \/>\n<script type=\"application\/ld+json\" class=\"yoast-schema-graph\">{\"@context\":\"https:\\\/\\\/schema.org\",\"@graph\":[{\"@type\":\"WebPage\",\"@id\":\"https:\\\/\\\/www.winner.ro\\\/blog\\\/zinedine-zidane-prima-actiune-selectioner-franta\\\/\",\"url\":\"https:\\\/\\\/www.winner.ro\\\/blog\\\/zinedine-zidane-prima-actiune-selectioner-franta\\\/\",\"name\":\"Zidane, la prima ac\u021biune ca selec\u021bioner al Fran\u021bei\",\"isPartOf\":{\"@id\":\"https:\\\/\\\/www.winner.ro\\\/blog\\\/#website\"},\"primaryImageOfPage\":{\"@id\":\"https:\\\/\\\/www.winner.ro\\\/blog\\\/zinedine-zidane-prima-actiune-selectioner-franta\\\/#primaryimage\"},\"image\":{\"@id\":\"https:\\\/\\\/www.winner.ro\\\/blog\\\/zinedine-zidane-prima-actiune-selectioner-franta\\\/#primaryimage\"},\"thumbnailUrl\":\"https:\\\/\\\/www.winner.ro\\\/blog\\\/wp-content\\\/uploads\\\/2026\\\/09\\\/zinedine-zidane-prima-actiune-selectioner-franta.webp\",\"datePublished\":\"2026-09-03T07:05:13+00:00\",\"description\":\"Zinedine Zidane va anun\u021ba pe 18 septembrie prima list\u0103 de juc\u0103tori convoca\u021bi la na\u021bionala Fran\u021bei, \u00eenaintea debutului \u00een Liga Na\u021biunilor.\",\"breadcrumb\":{\"@id\":\"https:\\\/\\\/www.winner.ro\\\/blog\\\/zinedine-zidane-prima-actiune-selectioner-franta\\\/#breadcrumb\"},\"inLanguage\":\"en-US\",\"potentialAction\":[{\"@type\":\"ReadAction\",\"target\":[\"https:\\\/\\\/www.winner.ro\\\/blog\\\/zinedine-zidane-prima-actiune-selectioner-franta\\\/\"]}]},{\"@type\":\"ImageObject\",\"inLanguage\":\"en-US\",\"@id\":\"https:\\\/\\\/www.winner.ro\\\/blog\\\/zinedine-zidane-prima-actiune-selectioner-franta\\\/#primaryimage\",\"url\":\"https:\\\/\\\/www.winner.ro\\\/blog\\\/wp-content\\\/uploads\\\/2026\\\/09\\\/zinedine-zidane-prima-actiune-selectioner-franta.webp\",\"contentUrl\":\"https:\\\/\\\/www.winner.ro\\\/blog\\\/wp-content\\\/uploads\\\/2026\\\/09\\\/zinedine-zidane-prima-actiune-selectioner-franta.webp\",\"width\":1140,\"height\":380},{\"@type\":\"BreadcrumbList\",\"@id\":\"https:\\\/\\\/www.winner.ro\\\/blog\\\/zinedine-zidane-prima-actiune-selectioner-franta\\\/#breadcrumb\",\"itemListElement\":[{\"@type\":\"ListItem\",\"position\":1,\"name\":\"Home\",\"item\":\"https:\\\/\\\/www.winner.ro\\\/\"},{\"@type\":\"ListItem\",\"position\":2,\"name\":\"Blog\",\"item\":\"https:\\\/\\\/www.winner.ro\\\/blog\\\/\"},{\"@type\":\"ListItem\",\"position\":3,\"name\":\"\u0218tiri\",\"item\":\"https:\\\/\\\/www.winner.ro\\\/blog\\\/stiri\\\/\"},{\"@type\":\"ListItem\",\"position\":4,\"name\":\"Zinedine Zidane, la prima ac\u021biune ca selec\u021bioner al Fran\u021bei\"}]},{\"@type\":\"WebSite\",\"@id\":\"https:\\\/\\\/www.winner.ro\\\/blog\\\/#website\",\"url\":\"https:\\\/\\\/www.winner.ro\\\/blog\\\/\",\"name\":\"Blog Winner\",\"description\":\"\",\"publisher\":{\"@id\":\"https:\\\/\\\/www.winner.ro\\\/blog\\\/#organization\"},\"potentialAction\":[{\"@type\":\"SearchAction\",\"target\":{\"@type\":\"EntryPoint\",\"urlTemplate\":\"https:\\\/\\\/www.winner.ro\\\/blog\\\/?s={search_term_string}\"},\"query-input\":{\"@type\":\"PropertyValueSpecification\",\"valueRequired\":true,\"valueName\":\"search_term_string\"}}],\"inLanguage\":\"en-US\"},{\"@type\":\"Organization\",\"@id\":\"https:\\\/\\\/www.winner.ro\\\/blog\\\/#organization\",\"name\":\"Blog Winner\",\"url\":\"https:\\\/\\\/www.winner.ro\\\/blog\\\/\",\"logo\":{\"@type\":\"ImageObject\",\"inLanguage\":\"en-US\",\"@id\":\"https:\\\/\\\/www.winner.ro\\\/blog\\\/#\\\/schema\\\/logo\\\/image\\\/\",\"url\":\"https:\\\/\\\/www.winner.ro\\\/blog\\\/wp-content\\\/uploads\\\/2026\\\/05\\\/Winner-logosvg.svg\",\"contentUrl\":\"https:\\\/\\\/www.winner.ro\\\/blog\\\/wp-content\\\/uploads\\\/2026\\\/05\\\/Winner-logosvg.svg\",\"width\":134,\"height\":40,\"caption\":\"Blog Winner\"},\"image\":{\"@id\":\"https:\\\/\\\/www.winner.ro\\\/blog\\\/#\\\/schema\\\/logo\\\/image\\\/\"}}]}<\/script>\n<!-- \/ Yoast SEO plugin. -->","yoast_head_json":{"title":"Zidane, la prima ac\u021biune ca selec\u021bioner al Fran\u021bei","description":"Zinedine Zidane va anun\u021ba pe 18 septembrie prima list\u0103 de juc\u0103tori convoca\u021bi la na\u021bionala Fran\u021bei, \u00eenaintea debutului \u00een Liga Na\u021biunilor.","robots":{"index":"index","follow":"follow","max-snippet":"max-snippet:-1","max-image-preview":"max-image-preview:large","max-video-preview":"max-video-preview:-1"},"canonical":"https:\/\/www.winner.ro\/blog\/zinedine-zidane-prima-actiune-selectioner-franta\/","og_locale":"en_US","og_type":"article","og_title":"Zidane, la prima ac\u021biune ca selec\u021bioner al Fran\u021bei","og_description":"Zinedine Zidane va anun\u021ba pe 18 septembrie prima list\u0103 de juc\u0103tori convoca\u021bi la na\u021bionala Fran\u021bei, \u00eenaintea debutului \u00een Liga Na\u021biunilor.","og_url":"https:\/\/www.winner.ro\/blog\/zinedine-zidane-prima-actiune-selectioner-franta\/","og_site_name":"Blog Winner","og_image":[{"width":1140,"height":380,"url":"https:\/\/www.winner.ro\/blog\/wp-content\/uploads\/2026\/09\/zinedine-zidane-prima-actiune-selectioner-franta.webp","type":"image\/webp"}],"twitter_card":"summary_large_image","twitter_misc":{"Est. reading time":"2 minutes"},"schema":{"@context":"https:\/\/schema.org","@graph":[{"@type":"WebPage","@id":"https:\/\/www.winner.ro\/blog\/zinedine-zidane-prima-actiune-selectioner-franta\/","url":"https:\/\/www.winner.ro\/blog\/zinedine-zidane-prima-actiune-selectioner-franta\/","name":"Zidane, la prima ac\u021biune ca selec\u021bioner al Fran\u021bei","isPartOf":{"@id":"https:\/\/www.winner.ro\/blog\/#website"},"primaryImageOfPage":{"@id":"https:\/\/www.winner.ro\/blog\/zinedine-zidane-prima-actiune-selectioner-franta\/#primaryimage"},"image":{"@id":"https:\/\/www.winner.ro\/blog\/zinedine-zidane-prima-actiune-selectioner-franta\/#primaryimage"},"thumbnailUrl":"https:\/\/www.winner.ro\/blog\/wp-content\/uploads\/2026\/09\/zinedine-zidane-prima-actiune-selectioner-franta.webp","datePublished":"2026-09-03T07:05:13+00:00","description":"Zinedine Zidane va anun\u021ba pe 18 septembrie prima list\u0103 de juc\u0103tori convoca\u021bi la na\u021bionala Fran\u021bei, \u00eenaintea debutului \u00een Liga Na\u021biunilor.","breadcrumb":{"@id":"https:\/\/www.winner.ro\/blog\/zinedine-zidane-prima-actiune-selectioner-franta\/#breadcrumb"},"inLanguage":"en-US","potentialAction":[{"@type":"ReadAction","target":["https:\/\/www.winner.ro\/blog\/zinedine-zidane-prima-actiune-selectioner-franta\/"]}]},{"@type":"ImageObject","inLanguage":"en-US","@id":"https:\/\/www.winner.ro\/blog\/zinedine-zidane-prima-actiune-selectioner-franta\/#primaryimage","url":"https:\/\/www.winner.ro\/blog\/wp-content\/uploads\/2026\/09\/zinedine-zidane-prima-actiune-selectioner-franta.webp","contentUrl":"https:\/\/www.winner.ro\/blog\/wp-content\/uploads\/2026\/09\/zinedine-zidane-prima-actiune-selectioner-franta.webp","width":1140,"height":380},{"@type":"BreadcrumbList","@id":"https:\/\/www.winner.ro\/blog\/zinedine-zidane-prima-actiune-selectioner-franta\/#breadcrumb","itemListElement":[{"@type":"ListItem","position":1,"name":"Home","item":"https:\/\/www.winner.ro\/"},{"@type":"ListItem","position":2,"name":"Blog","item":"https:\/\/www.winner.ro\/blog\/"},{"@type":"ListItem","position":3,"name":"\u0218tiri","item":"https:\/\/www.winner.ro\/blog\/stiri\/"},{"@type":"ListItem","position":4,"name":"Zinedine Zidane, la prima ac\u021biune ca selec\u021bioner al Fran\u021bei"}]},{"@type":"WebSite","@id":"https:\/\/www.winner.ro\/blog\/#website","url":"https:\/\/www.winner.ro\/blog\/","name":"Blog Winner","description":"","publisher":{"@id":"https:\/\/www.winner.ro\/blog\/#organization"},"potentialAction":[{"@type":"SearchAction","target":{"@type":"EntryPoint","urlTemplate":"https:\/\/www.winner.ro\/blog\/?s={search_term_string}"},"query-input":{"@type":"PropertyValueSpecification","valueRequired":true,"valueName":"search_term_string"}}],"inLanguage":"en-US"},{"@type":"Organization","@id":"https:\/\/www.winner.ro\/blog\/#organization","name":"Blog Winner","url":"https:\/\/www.winner.ro\/blog\/","logo":{"@type":"ImageObject","inLanguage":"en-US","@id":"https:\/\/www.winner.ro\/blog\/#\/schema\/logo\/image\/","url":"https:\/\/www.winner.ro\/blog\/wp-content\/uploads\/2026\/05\/Winner-logosvg.svg","contentUrl":"https:\/\/www.winner.ro\/blog\/wp-content\/uploads\/2026\/05\/Winner-logosvg.svg","width":134,"height":40,"caption":"Blog Winner"},"image":{"@id":"https:\/\/www.winner.ro\/blog\/#\/schema\/logo\/image\/"}}]}},"_links":{"self":[{"href":"https:\/\/www.winner.ro\/blog\/wp-json\/wp\/v2\/stire\/1737","targetHints":{"allow":["GET"]}}],"collection":[{"href":"https:\/\/www.winner.ro\/blog\/wp-json\/wp\/v2\/stire"}],"about":[{"href":"https:\/\/www.winner.ro\/blog\/wp-json\/wp\/v2\/types\/stire"}],"wp:featuredmedia":[{"embeddable":true,"href":"https:\/\/www.winner.ro\/blog\/wp-json\/wp\/v2\/media\/1738"}],"wp:attachment":[{"href":"https:\/\/www.winner.ro\/blog\/wp-json\/wp\/v2\/media?parent=1737"}],"curies":[{"name":"wp","href":"https:\/\/api.w.org\/{rel}","templated":true}]}}